{"id":22583,"date":"2025-01-14T13:26:08","date_gmt":"2025-01-14T13:26:08","guid":{"rendered":"https:\/\/www.bioanalyt.com\/event\/5e-conference-mondiale-du-forum-des-micronutriments\/"},"modified":"2025-01-14T13:26:08","modified_gmt":"2025-01-14T13:26:08","slug":"5e-conference-mondiale-du-forum-des-micronutriments","status":"publish","type":"tribe_events","link":"https:\/\/www.bioanalyt.com\/fr\/event\/5e-conference-mondiale-du-forum-des-micronutriments\/","title":{"rendered":"5e conf\u00e9rence mondiale du Forum des micronutriments"},"content":{"rendered":"<p>La cinqui\u00e8me conf\u00e9rence mondiale du Forum des micronutriments passe au num\u00e9rique cette ann\u00e9e. Cette ann\u00e9e, le Forum virtuel accueillera plus de 1000 chercheurs, responsables de la mise en \u0153uvre des programmes et d\u00e9cideurs politiques du monde entier pour partager les nouvelles recherches sur les micronutriments avec un public diversifi\u00e9. Les micronutriments sont au c\u0153ur du potentiel des syst\u00e8mes alimentaires \u00e0 fournir une sant\u00e9 optimale. Les syst\u00e8mes alimentaires sont au c\u0153ur de la d\u00e9termination de ce que les gens mangent. Le Forum des micronutriments s&rsquo;efforce d&rsquo;assurer une plus grande participation des secteurs de l&rsquo;agriculture, de la fabrication, de la transformation et de la distribution, de la vente au d\u00e9tail et de la gastronomie, afin d&rsquo;\u00e9largir le d\u00e9bat et d&rsquo;encourager l&rsquo;innovation multisectorielle en vue de trouver des solutions durables.    <\/p>\n","protected":false},"excerpt":{"rendered":"<p>La cinqui\u00e8me conf\u00e9rence mondiale du Forum des micronutriments passe au num\u00e9rique cette ann\u00e9e. Cette ann\u00e9e, le Forum virtuel accueillera plus de 1000 chercheurs, responsables de la mise en \u0153uvre des [&hellip;]<\/p>\n","protected":false},"author":3,"featured_media":19458,"template":"","meta":{"_acf_changed":false,"inline_featured_image":false,"_tribe_events_status":"","_tribe_events_status_reason":"","footnotes":""},"tags":[],"tribe_events_cat":[],"class_list":["post-22583","tribe_events","type-tribe_events","status-publish","has-post-thumbnail","hentry"],"acf":[],"yoast_head":"<!-- This site is optimized with the Yoast SEO plugin v25.5 - https:\/\/yoast.com\/wordpress\/plugins\/seo\/ -->\n<title>5e conf\u00e9rence mondiale du Forum des micronutriments - Bioanalyt<\/title>\n<meta name=\"robots\" content=\"index, follow, max-snippet:-1, max-image-preview:large, max-video-preview:-1\" \/>\n<link rel=\"canonical\" href=\"https:\/\/www.bioanalyt.com\/event\/5e-conference-mondiale-du-forum-des-micronutriments\/\" \/>\n<meta property=\"og:locale\" content=\"fr_FR\" \/>\n<meta property=\"og:type\" content=\"article\" \/>\n<meta property=\"og:title\" content=\"5e conf\u00e9rence mondiale du Forum des micronutriments - Bioanalyt\" \/>\n<meta property=\"og:description\" content=\"La cinqui\u00e8me conf\u00e9rence mondiale du Forum des micronutriments passe au num\u00e9rique cette ann\u00e9e. Cette ann\u00e9e, le Forum virtuel accueillera plus de 1000 chercheurs, responsables de la mise en \u0153uvre des [&hellip;]\" \/>\n<meta property=\"og:url\" content=\"https:\/\/www.bioanalyt.com\/event\/5e-conference-mondiale-du-forum-des-micronutriments\/\" \/>\n<meta property=\"og:site_name\" content=\"Bioanalyt\" \/>\n<meta name=\"twitter:card\" content=\"summary_large_image\" \/>\n<meta name=\"twitter:label1\" content=\"Dur\u00e9e de lecture estim\u00e9e\" \/>\n\t<meta name=\"twitter:data1\" content=\"1 minute\" \/>\n<script type=\"application\/ld+json\" class=\"yoast-schema-graph\">{\"@context\":\"https:\/\/schema.org\",\"@graph\":[{\"@type\":\"WebPage\",\"@id\":\"https:\/\/www.bioanalyt.com\/event\/5e-conference-mondiale-du-forum-des-micronutriments\/\",\"url\":\"https:\/\/www.bioanalyt.com\/event\/5e-conference-mondiale-du-forum-des-micronutriments\/\",\"name\":\"5e conf\u00e9rence mondiale du Forum des micronutriments - Bioanalyt\",\"isPartOf\":{\"@id\":\"https:\/\/www.bioanalyt.com\/#website\"},\"primaryImageOfPage\":{\"@id\":\"https:\/\/www.bioanalyt.com\/event\/5e-conference-mondiale-du-forum-des-micronutriments\/#primaryimage\"},\"image\":{\"@id\":\"https:\/\/www.bioanalyt.com\/event\/5e-conference-mondiale-du-forum-des-micronutriments\/#primaryimage\"},\"thumbnailUrl\":\"https:\/\/www.bioanalyt.com\/wp-content\/uploads\/2025\/01\/Elau2jYXEAAqSbJ.jpg\",\"datePublished\":\"2025-01-14T13:26:08+00:00\",\"breadcrumb\":{\"@id\":\"https:\/\/www.bioanalyt.com\/event\/5e-conference-mondiale-du-forum-des-micronutriments\/#breadcrumb\"},\"inLanguage\":\"fr-FR\",\"potentialAction\":[{\"@type\":\"ReadAction\",\"target\":[\"https:\/\/www.bioanalyt.com\/event\/5e-conference-mondiale-du-forum-des-micronutriments\/\"]}]},{\"@type\":\"ImageObject\",\"inLanguage\":\"fr-FR\",\"@id\":\"https:\/\/www.bioanalyt.com\/event\/5e-conference-mondiale-du-forum-des-micronutriments\/#primaryimage\",\"url\":\"https:\/\/www.bioanalyt.com\/wp-content\/uploads\/2025\/01\/Elau2jYXEAAqSbJ.jpg\",\"contentUrl\":\"https:\/\/www.bioanalyt.com\/wp-content\/uploads\/2025\/01\/Elau2jYXEAAqSbJ.jpg\",\"width\":1200,\"height\":600},{\"@type\":\"BreadcrumbList\",\"@id\":\"https:\/\/www.bioanalyt.com\/event\/5e-conference-mondiale-du-forum-des-micronutriments\/#breadcrumb\",\"itemListElement\":[{\"@type\":\"ListItem\",\"position\":1,\"name\":\"Home\",\"item\":\"https:\/\/www.bioanalyt.com\/fr\/\"},{\"@type\":\"ListItem\",\"position\":2,\"name\":\"Events\",\"item\":\"https:\/\/www.bioanalyt.com\/tervie-events\/\"},{\"@type\":\"ListItem\",\"position\":3,\"name\":\"5e conf\u00e9rence mondiale du Forum des micronutriments\"}]},{\"@type\":\"WebSite\",\"@id\":\"https:\/\/www.bioanalyt.com\/#website\",\"url\":\"https:\/\/www.bioanalyt.com\/\",\"name\":\"Bioanalyt\",\"description\":\"Measure for life\",\"publisher\":{\"@id\":\"https:\/\/www.bioanalyt.com\/#organization\"},\"potentialAction\":[{\"@type\":\"SearchAction\",\"target\":{\"@type\":\"EntryPoint\",\"urlTemplate\":\"https:\/\/www.bioanalyt.com\/?s={search_term_string}\"},\"query-input\":{\"@type\":\"PropertyValueSpecification\",\"valueRequired\":true,\"valueName\":\"search_term_string\"}}],\"inLanguage\":\"fr-FR\"},{\"@type\":\"Organization\",\"@id\":\"https:\/\/www.bioanalyt.com\/#organization\",\"name\":\"Bioanalyt\",\"url\":\"https:\/\/www.bioanalyt.com\/\",\"logo\":{\"@type\":\"ImageObject\",\"inLanguage\":\"fr-FR\",\"@id\":\"https:\/\/www.bioanalyt.com\/#\/schema\/logo\/image\/\",\"url\":\"https:\/\/www.bioanalyt.com\/wp-content\/uploads\/2024\/09\/Logo-Horizontal.svg\",\"contentUrl\":\"https:\/\/www.bioanalyt.com\/wp-content\/uploads\/2024\/09\/Logo-Horizontal.svg\",\"width\":112,\"height\":64,\"caption\":\"Bioanalyt\"},\"image\":{\"@id\":\"https:\/\/www.bioanalyt.com\/#\/schema\/logo\/image\/\"},\"sameAs\":[\"https:\/\/www.linkedin.com\/company\/bioanalyt\/\",\"https:\/\/www.youtube.com\/user\/BioAnalyt\"]}]}<\/script>\n<!-- \/ Yoast SEO plugin. -->","yoast_head_json":{"title":"5e conf\u00e9rence mondiale du Forum des micronutriments - Bioanalyt","robots":{"index":"index","follow":"follow","max-snippet":"max-snippet:-1","max-image-preview":"max-image-preview:large","max-video-preview":"max-video-preview:-1"},"canonical":"https:\/\/www.bioanalyt.com\/event\/5e-conference-mondiale-du-forum-des-micronutriments\/","og_locale":"fr_FR","og_type":"article","og_title":"5e conf\u00e9rence mondiale du Forum des micronutriments - Bioanalyt","og_description":"La cinqui\u00e8me conf\u00e9rence mondiale du Forum des micronutriments passe au num\u00e9rique cette ann\u00e9e. Cette ann\u00e9e, le Forum virtuel accueillera plus de 1000 chercheurs, responsables de la mise en \u0153uvre des [&hellip;]","og_url":"https:\/\/www.bioanalyt.com\/event\/5e-conference-mondiale-du-forum-des-micronutriments\/","og_site_name":"Bioanalyt","twitter_card":"summary_large_image","twitter_misc":{"Dur\u00e9e de lecture estim\u00e9e":"1 minute"},"schema":{"@context":"https:\/\/schema.org","@graph":[{"@type":"WebPage","@id":"https:\/\/www.bioanalyt.com\/event\/5e-conference-mondiale-du-forum-des-micronutriments\/","url":"https:\/\/www.bioanalyt.com\/event\/5e-conference-mondiale-du-forum-des-micronutriments\/","name":"5e conf\u00e9rence mondiale du Forum des micronutriments - Bioanalyt","isPartOf":{"@id":"https:\/\/www.bioanalyt.com\/#website"},"primaryImageOfPage":{"@id":"https:\/\/www.bioanalyt.com\/event\/5e-conference-mondiale-du-forum-des-micronutriments\/#primaryimage"},"image":{"@id":"https:\/\/www.bioanalyt.com\/event\/5e-conference-mondiale-du-forum-des-micronutriments\/#primaryimage"},"thumbnailUrl":"https:\/\/www.bioanalyt.com\/wp-content\/uploads\/2025\/01\/Elau2jYXEAAqSbJ.jpg","datePublished":"2025-01-14T13:26:08+00:00","breadcrumb":{"@id":"https:\/\/www.bioanalyt.com\/event\/5e-conference-mondiale-du-forum-des-micronutriments\/#breadcrumb"},"inLanguage":"fr-FR","potentialAction":[{"@type":"ReadAction","target":["https:\/\/www.bioanalyt.com\/event\/5e-conference-mondiale-du-forum-des-micronutriments\/"]}]},{"@type":"ImageObject","inLanguage":"fr-FR","@id":"https:\/\/www.bioanalyt.com\/event\/5e-conference-mondiale-du-forum-des-micronutriments\/#primaryimage","url":"https:\/\/www.bioanalyt.com\/wp-content\/uploads\/2025\/01\/Elau2jYXEAAqSbJ.jpg","contentUrl":"https:\/\/www.bioanalyt.com\/wp-content\/uploads\/2025\/01\/Elau2jYXEAAqSbJ.jpg","width":1200,"height":600},{"@type":"BreadcrumbList","@id":"https:\/\/www.bioanalyt.com\/event\/5e-conference-mondiale-du-forum-des-micronutriments\/#breadcrumb","itemListElement":[{"@type":"ListItem","position":1,"name":"Home","item":"https:\/\/www.bioanalyt.com\/fr\/"},{"@type":"ListItem","position":2,"name":"Events","item":"https:\/\/www.bioanalyt.com\/tervie-events\/"},{"@type":"ListItem","position":3,"name":"5e conf\u00e9rence mondiale du Forum des micronutriments"}]},{"@type":"WebSite","@id":"https:\/\/www.bioanalyt.com\/#website","url":"https:\/\/www.bioanalyt.com\/","name":"Bioanalyt","description":"Measure for life","publisher":{"@id":"https:\/\/www.bioanalyt.com\/#organization"},"potentialAction":[{"@type":"SearchAction","target":{"@type":"EntryPoint","urlTemplate":"https:\/\/www.bioanalyt.com\/?s={search_term_string}"},"query-input":{"@type":"PropertyValueSpecification","valueRequired":true,"valueName":"search_term_string"}}],"inLanguage":"fr-FR"},{"@type":"Organization","@id":"https:\/\/www.bioanalyt.com\/#organization","name":"Bioanalyt","url":"https:\/\/www.bioanalyt.com\/","logo":{"@type":"ImageObject","inLanguage":"fr-FR","@id":"https:\/\/www.bioanalyt.com\/#\/schema\/logo\/image\/","url":"https:\/\/www.bioanalyt.com\/wp-content\/uploads\/2024\/09\/Logo-Horizontal.svg","contentUrl":"https:\/\/www.bioanalyt.com\/wp-content\/uploads\/2024\/09\/Logo-Horizontal.svg","width":112,"height":64,"caption":"Bioanalyt"},"image":{"@id":"https:\/\/www.bioanalyt.com\/#\/schema\/logo\/image\/"},"sameAs":["https:\/\/www.linkedin.com\/company\/bioanalyt\/","https:\/\/www.youtube.com\/user\/BioAnalyt"]}]}},"_links":{"self":[{"href":"https:\/\/www.bioanalyt.com\/fr\/wp-json\/wp\/v2\/tribe_events\/22583","targetHints":{"allow":["GET"]}}],"collection":[{"href":"https:\/\/www.bioanalyt.com\/fr\/wp-json\/wp\/v2\/tribe_events"}],"about":[{"href":"https:\/\/www.bioanalyt.com\/fr\/wp-json\/wp\/v2\/types\/tribe_events"}],"author":[{"embeddable":true,"href":"https:\/\/www.bioanalyt.com\/fr\/wp-json\/wp\/v2\/users\/3"}],"version-history":[{"count":0,"href":"https:\/\/www.bioanalyt.com\/fr\/wp-json\/wp\/v2\/tribe_events\/22583\/revisions"}],"wp:featuredmedia":[{"embeddable":true,"href":"https:\/\/www.bioanalyt.com\/fr\/wp-json\/wp\/v2\/media\/19458"}],"wp:attachment":[{"href":"https:\/\/www.bioanalyt.com\/fr\/wp-json\/wp\/v2\/media?parent=22583"}],"wp:term":[{"taxonomy":"post_tag","embeddable":true,"href":"https:\/\/www.bioanalyt.com\/fr\/wp-json\/wp\/v2\/tags?post=22583"},{"taxonomy":"tribe_events_cat","embeddable":true,"href":"https:\/\/www.bioanalyt.com\/fr\/wp-json\/wp\/v2\/tribe_events_cat?post=22583"}],"curies":[{"name":"wp","href":"https:\/\/api.w.org\/{rel}","templated":true}]}}