{"id":22581,"date":"2025-01-14T13:33:24","date_gmt":"2025-01-14T13:33:24","guid":{"rendered":"https:\/\/www.bioanalyt.com\/event\/deuxieme-sommet-mondial-sur-lenrichissement-des-aliments\/"},"modified":"2025-01-14T13:33:24","modified_gmt":"2025-01-14T13:33:24","slug":"deuxieme-sommet-mondial-sur-lenrichissement-des-aliments","status":"publish","type":"tribe_events","link":"https:\/\/www.bioanalyt.com\/fr\/event\/deuxieme-sommet-mondial-sur-lenrichissement-des-aliments\/","title":{"rendered":"Deuxi\u00e8me sommet mondial sur l&rsquo;enrichissement des aliments"},"content":{"rendered":"<p>Le deuxi\u00e8me sommet mondial sur l&rsquo;enrichissement des aliments aura lieu en ligne cette ann\u00e9e et pr\u00e9c\u00e9dera le Forum sur les micronutriments. Cet \u00e9v\u00e9nement politique de haut niveau est organis\u00e9 avec le soutien de la Fondation Bill et Melinda Gates, de DSM, de l&rsquo;UNICEF, du Programme alimentaire mondial et d&rsquo;autres acteurs importants du secteur. Le sommet est un point focal des efforts mondiaux visant \u00e0 stimuler l&rsquo;int\u00e9r\u00eat, la sensibilisation et l&rsquo;investissement dans la fortification et la biofortification des aliments \u00e0 grande \u00e9chelle &#8211; deux interventions bas\u00e9es sur la population qui ont un \u00e9norme potentiel pour r\u00e9duire et pr\u00e9venir les carences en micronutriments dans le monde entier.  <\/p>\n","protected":false},"excerpt":{"rendered":"<p>Le deuxi\u00e8me sommet mondial sur l&rsquo;enrichissement des aliments aura lieu en ligne cette ann\u00e9e et pr\u00e9c\u00e9dera le Forum sur les micronutriments. Cet \u00e9v\u00e9nement politique de haut niveau est organis\u00e9 avec [&hellip;]<\/p>\n","protected":false},"author":3,"featured_media":19459,"template":"","meta":{"_acf_changed":false,"inline_featured_image":false,"_tribe_events_status":"","_tribe_events_status_reason":"","footnotes":""},"tags":[],"tribe_events_cat":[],"class_list":["post-22581","tribe_events","type-tribe_events","status-publish","has-post-thumbnail","hentry"],"acf":[],"yoast_head":"<!-- This site is optimized with the Yoast SEO plugin v25.5 - https:\/\/yoast.com\/wordpress\/plugins\/seo\/ -->\n<title>Deuxi\u00e8me sommet mondial sur l&#039;enrichissement des aliments - Bioanalyt<\/title>\n<meta name=\"robots\" content=\"index, follow, max-snippet:-1, max-image-preview:large, max-video-preview:-1\" \/>\n<link rel=\"canonical\" href=\"https:\/\/www.bioanalyt.com\/event\/deuxieme-sommet-mondial-sur-lenrichissement-des-aliments\/\" \/>\n<meta property=\"og:locale\" content=\"fr_FR\" \/>\n<meta property=\"og:type\" content=\"article\" \/>\n<meta property=\"og:title\" content=\"Deuxi\u00e8me sommet mondial sur l&#039;enrichissement des aliments - Bioanalyt\" \/>\n<meta property=\"og:description\" content=\"Le deuxi\u00e8me sommet mondial sur l&rsquo;enrichissement des aliments aura lieu en ligne cette ann\u00e9e et pr\u00e9c\u00e9dera le Forum sur les micronutriments. Cet \u00e9v\u00e9nement politique de haut niveau est organis\u00e9 avec [&hellip;]\" \/>\n<meta property=\"og:url\" content=\"https:\/\/www.bioanalyt.com\/event\/deuxieme-sommet-mondial-sur-lenrichissement-des-aliments\/\" \/>\n<meta property=\"og:site_name\" content=\"Bioanalyt\" \/>\n<meta name=\"twitter:card\" content=\"summary_large_image\" \/>\n<meta name=\"twitter:label1\" content=\"Dur\u00e9e de lecture estim\u00e9e\" \/>\n\t<meta name=\"twitter:data1\" content=\"1 minute\" \/>\n<script type=\"application\/ld+json\" class=\"yoast-schema-graph\">{\"@context\":\"https:\/\/schema.org\",\"@graph\":[{\"@type\":\"WebPage\",\"@id\":\"https:\/\/www.bioanalyt.com\/event\/deuxieme-sommet-mondial-sur-lenrichissement-des-aliments\/\",\"url\":\"https:\/\/www.bioanalyt.com\/event\/deuxieme-sommet-mondial-sur-lenrichissement-des-aliments\/\",\"name\":\"Deuxi\u00e8me sommet mondial sur l'enrichissement des aliments - Bioanalyt\",\"isPartOf\":{\"@id\":\"https:\/\/www.bioanalyt.com\/#website\"},\"primaryImageOfPage\":{\"@id\":\"https:\/\/www.bioanalyt.com\/event\/deuxieme-sommet-mondial-sur-lenrichissement-des-aliments\/#primaryimage\"},\"image\":{\"@id\":\"https:\/\/www.bioanalyt.com\/event\/deuxieme-sommet-mondial-sur-lenrichissement-des-aliments\/#primaryimage\"},\"thumbnailUrl\":\"https:\/\/www.bioanalyt.com\/wp-content\/uploads\/2025\/01\/Global-FF-Summit-2020x-1.png\",\"datePublished\":\"2025-01-14T13:33:24+00:00\",\"breadcrumb\":{\"@id\":\"https:\/\/www.bioanalyt.com\/event\/deuxieme-sommet-mondial-sur-lenrichissement-des-aliments\/#breadcrumb\"},\"inLanguage\":\"fr-FR\",\"potentialAction\":[{\"@type\":\"ReadAction\",\"target\":[\"https:\/\/www.bioanalyt.com\/event\/deuxieme-sommet-mondial-sur-lenrichissement-des-aliments\/\"]}]},{\"@type\":\"ImageObject\",\"inLanguage\":\"fr-FR\",\"@id\":\"https:\/\/www.bioanalyt.com\/event\/deuxieme-sommet-mondial-sur-lenrichissement-des-aliments\/#primaryimage\",\"url\":\"https:\/\/www.bioanalyt.com\/wp-content\/uploads\/2025\/01\/Global-FF-Summit-2020x-1.png\",\"contentUrl\":\"https:\/\/www.bioanalyt.com\/wp-content\/uploads\/2025\/01\/Global-FF-Summit-2020x-1.png\",\"width\":870,\"height\":588},{\"@type\":\"BreadcrumbList\",\"@id\":\"https:\/\/www.bioanalyt.com\/event\/deuxieme-sommet-mondial-sur-lenrichissement-des-aliments\/#breadcrumb\",\"itemListElement\":[{\"@type\":\"ListItem\",\"position\":1,\"name\":\"Home\",\"item\":\"https:\/\/www.bioanalyt.com\/fr\/\"},{\"@type\":\"ListItem\",\"position\":2,\"name\":\"Events\",\"item\":\"https:\/\/www.bioanalyt.com\/tervie-events\/\"},{\"@type\":\"ListItem\",\"position\":3,\"name\":\"Deuxi\u00e8me sommet mondial sur l&rsquo;enrichissement des aliments\"}]},{\"@type\":\"WebSite\",\"@id\":\"https:\/\/www.bioanalyt.com\/#website\",\"url\":\"https:\/\/www.bioanalyt.com\/\",\"name\":\"Bioanalyt\",\"description\":\"Measure for life\",\"publisher\":{\"@id\":\"https:\/\/www.bioanalyt.com\/#organization\"},\"potentialAction\":[{\"@type\":\"SearchAction\",\"target\":{\"@type\":\"EntryPoint\",\"urlTemplate\":\"https:\/\/www.bioanalyt.com\/?s={search_term_string}\"},\"query-input\":{\"@type\":\"PropertyValueSpecification\",\"valueRequired\":true,\"valueName\":\"search_term_string\"}}],\"inLanguage\":\"fr-FR\"},{\"@type\":\"Organization\",\"@id\":\"https:\/\/www.bioanalyt.com\/#organization\",\"name\":\"Bioanalyt\",\"url\":\"https:\/\/www.bioanalyt.com\/\",\"logo\":{\"@type\":\"ImageObject\",\"inLanguage\":\"fr-FR\",\"@id\":\"https:\/\/www.bioanalyt.com\/#\/schema\/logo\/image\/\",\"url\":\"https:\/\/www.bioanalyt.com\/wp-content\/uploads\/2024\/09\/Logo-Horizontal.svg\",\"contentUrl\":\"https:\/\/www.bioanalyt.com\/wp-content\/uploads\/2024\/09\/Logo-Horizontal.svg\",\"width\":112,\"height\":64,\"caption\":\"Bioanalyt\"},\"image\":{\"@id\":\"https:\/\/www.bioanalyt.com\/#\/schema\/logo\/image\/\"},\"sameAs\":[\"https:\/\/www.linkedin.com\/company\/bioanalyt\/\",\"https:\/\/www.youtube.com\/user\/BioAnalyt\"]}]}<\/script>\n<!-- \/ Yoast SEO plugin. -->","yoast_head_json":{"title":"Deuxi\u00e8me sommet mondial sur l'enrichissement des aliments - Bioanalyt","robots":{"index":"index","follow":"follow","max-snippet":"max-snippet:-1","max-image-preview":"max-image-preview:large","max-video-preview":"max-video-preview:-1"},"canonical":"https:\/\/www.bioanalyt.com\/event\/deuxieme-sommet-mondial-sur-lenrichissement-des-aliments\/","og_locale":"fr_FR","og_type":"article","og_title":"Deuxi\u00e8me sommet mondial sur l'enrichissement des aliments - Bioanalyt","og_description":"Le deuxi\u00e8me sommet mondial sur l&rsquo;enrichissement des aliments aura lieu en ligne cette ann\u00e9e et pr\u00e9c\u00e9dera le Forum sur les micronutriments. Cet \u00e9v\u00e9nement politique de haut niveau est organis\u00e9 avec [&hellip;]","og_url":"https:\/\/www.bioanalyt.com\/event\/deuxieme-sommet-mondial-sur-lenrichissement-des-aliments\/","og_site_name":"Bioanalyt","twitter_card":"summary_large_image","twitter_misc":{"Dur\u00e9e de lecture estim\u00e9e":"1 minute"},"schema":{"@context":"https:\/\/schema.org","@graph":[{"@type":"WebPage","@id":"https:\/\/www.bioanalyt.com\/event\/deuxieme-sommet-mondial-sur-lenrichissement-des-aliments\/","url":"https:\/\/www.bioanalyt.com\/event\/deuxieme-sommet-mondial-sur-lenrichissement-des-aliments\/","name":"Deuxi\u00e8me sommet mondial sur l'enrichissement des aliments - Bioanalyt","isPartOf":{"@id":"https:\/\/www.bioanalyt.com\/#website"},"primaryImageOfPage":{"@id":"https:\/\/www.bioanalyt.com\/event\/deuxieme-sommet-mondial-sur-lenrichissement-des-aliments\/#primaryimage"},"image":{"@id":"https:\/\/www.bioanalyt.com\/event\/deuxieme-sommet-mondial-sur-lenrichissement-des-aliments\/#primaryimage"},"thumbnailUrl":"https:\/\/www.bioanalyt.com\/wp-content\/uploads\/2025\/01\/Global-FF-Summit-2020x-1.png","datePublished":"2025-01-14T13:33:24+00:00","breadcrumb":{"@id":"https:\/\/www.bioanalyt.com\/event\/deuxieme-sommet-mondial-sur-lenrichissement-des-aliments\/#breadcrumb"},"inLanguage":"fr-FR","potentialAction":[{"@type":"ReadAction","target":["https:\/\/www.bioanalyt.com\/event\/deuxieme-sommet-mondial-sur-lenrichissement-des-aliments\/"]}]},{"@type":"ImageObject","inLanguage":"fr-FR","@id":"https:\/\/www.bioanalyt.com\/event\/deuxieme-sommet-mondial-sur-lenrichissement-des-aliments\/#primaryimage","url":"https:\/\/www.bioanalyt.com\/wp-content\/uploads\/2025\/01\/Global-FF-Summit-2020x-1.png","contentUrl":"https:\/\/www.bioanalyt.com\/wp-content\/uploads\/2025\/01\/Global-FF-Summit-2020x-1.png","width":870,"height":588},{"@type":"BreadcrumbList","@id":"https:\/\/www.bioanalyt.com\/event\/deuxieme-sommet-mondial-sur-lenrichissement-des-aliments\/#breadcrumb","itemListElement":[{"@type":"ListItem","position":1,"name":"Home","item":"https:\/\/www.bioanalyt.com\/fr\/"},{"@type":"ListItem","position":2,"name":"Events","item":"https:\/\/www.bioanalyt.com\/tervie-events\/"},{"@type":"ListItem","position":3,"name":"Deuxi\u00e8me sommet mondial sur l&rsquo;enrichissement des aliments"}]},{"@type":"WebSite","@id":"https:\/\/www.bioanalyt.com\/#website","url":"https:\/\/www.bioanalyt.com\/","name":"Bioanalyt","description":"Measure for life","publisher":{"@id":"https:\/\/www.bioanalyt.com\/#organization"},"potentialAction":[{"@type":"SearchAction","target":{"@type":"EntryPoint","urlTemplate":"https:\/\/www.bioanalyt.com\/?s={search_term_string}"},"query-input":{"@type":"PropertyValueSpecification","valueRequired":true,"valueName":"search_term_string"}}],"inLanguage":"fr-FR"},{"@type":"Organization","@id":"https:\/\/www.bioanalyt.com\/#organization","name":"Bioanalyt","url":"https:\/\/www.bioanalyt.com\/","logo":{"@type":"ImageObject","inLanguage":"fr-FR","@id":"https:\/\/www.bioanalyt.com\/#\/schema\/logo\/image\/","url":"https:\/\/www.bioanalyt.com\/wp-content\/uploads\/2024\/09\/Logo-Horizontal.svg","contentUrl":"https:\/\/www.bioanalyt.com\/wp-content\/uploads\/2024\/09\/Logo-Horizontal.svg","width":112,"height":64,"caption":"Bioanalyt"},"image":{"@id":"https:\/\/www.bioanalyt.com\/#\/schema\/logo\/image\/"},"sameAs":["https:\/\/www.linkedin.com\/company\/bioanalyt\/","https:\/\/www.youtube.com\/user\/BioAnalyt"]}]}},"_links":{"self":[{"href":"https:\/\/www.bioanalyt.com\/fr\/wp-json\/wp\/v2\/tribe_events\/22581","targetHints":{"allow":["GET"]}}],"collection":[{"href":"https:\/\/www.bioanalyt.com\/fr\/wp-json\/wp\/v2\/tribe_events"}],"about":[{"href":"https:\/\/www.bioanalyt.com\/fr\/wp-json\/wp\/v2\/types\/tribe_events"}],"author":[{"embeddable":true,"href":"https:\/\/www.bioanalyt.com\/fr\/wp-json\/wp\/v2\/users\/3"}],"version-history":[{"count":0,"href":"https:\/\/www.bioanalyt.com\/fr\/wp-json\/wp\/v2\/tribe_events\/22581\/revisions"}],"wp:featuredmedia":[{"embeddable":true,"href":"https:\/\/www.bioanalyt.com\/fr\/wp-json\/wp\/v2\/media\/19459"}],"wp:attachment":[{"href":"https:\/\/www.bioanalyt.com\/fr\/wp-json\/wp\/v2\/media?parent=22581"}],"wp:term":[{"taxonomy":"post_tag","embeddable":true,"href":"https:\/\/www.bioanalyt.com\/fr\/wp-json\/wp\/v2\/tags?post=22581"},{"taxonomy":"tribe_events_cat","embeddable":true,"href":"https:\/\/www.bioanalyt.com\/fr\/wp-json\/wp\/v2\/tribe_events_cat?post=22581"}],"curies":[{"name":"wp","href":"https:\/\/api.w.org\/{rel}","templated":true}]}}