{"id":22569,"date":"2025-04-14T08:06:40","date_gmt":"2025-04-14T08:06:40","guid":{"rendered":"https:\/\/www.bioanalyt.com\/event\/foire-internationale-virtuelle-sur-la-fortification-alimentaire-a-grande-echelle-en-afrique-de-louest\/"},"modified":"2025-04-14T08:06:40","modified_gmt":"2025-04-14T08:06:40","slug":"foire-internationale-virtuelle-sur-la-fortification-alimentaire-a-grande-echelle-en-afrique-de-louest","status":"publish","type":"tribe_events","link":"https:\/\/www.bioanalyt.com\/fr\/event\/foire-internationale-virtuelle-sur-la-fortification-alimentaire-a-grande-echelle-en-afrique-de-louest\/","title":{"rendered":"Foire internationale virtuelle sur la fortification alimentaire \u00e0 grande \u00e9chelle en Afrique de l&rsquo;Ouest"},"content":{"rendered":"<p><span>Les 12 et 13 juin 2025, la Foire internationale virtuelle sur la fortification alimentaire \u00e0 grande \u00e9chelle en Afrique de l&rsquo;Ouest aura lieu avec le soutien de <a href=\"https:\/\/www.crs.org\/\">CRS<\/a>, <a href=\"https:\/\/quimpact.org\/\">QuImpact<\/a>, <a href=\"https:\/\/helenkellerintl.org\/\">HKI<\/a> et <a href=\"https:\/\/www.gainhealth.org\/\">GAIN<\/a>. L&rsquo;\u00e9v\u00e9nement rassemblera les parties prenantes de la r\u00e9gion pour explorer les produits fortifi\u00e9s, partager les innovations et renforcer la collaboration. Nous, \u00e0 BioAnalyt, sommes ravis d&rsquo;apporter nos id\u00e9es et de nous connecter avec des partenaires qui ont un impact sur la nutrition sur le terrain.    <\/span><\/p>\n","protected":false},"excerpt":{"rendered":"<p>Les 12 et 13 juin 2025, la Foire internationale virtuelle sur la fortification alimentaire \u00e0 grande \u00e9chelle en Afrique de l&rsquo;Ouest aura lieu avec le soutien de CRS, QuImpact, HKI [&hellip;]<\/p>\n","protected":false},"author":3,"featured_media":19618,"template":"","meta":{"_acf_changed":false,"inline_featured_image":false,"_tribe_events_status":"","_tribe_events_status_reason":"","footnotes":""},"tags":[],"tribe_events_cat":[],"class_list":["post-22569","tribe_events","type-tribe_events","status-publish","has-post-thumbnail","hentry"],"acf":[],"yoast_head":"<!-- This site is optimized with the Yoast SEO plugin v25.5 - https:\/\/yoast.com\/wordpress\/plugins\/seo\/ -->\n<title>Foire internationale virtuelle sur la fortification alimentaire \u00e0 grande \u00e9chelle en Afrique de l&#039;Ouest - Bioanalyt<\/title>\n<meta name=\"description\" content=\"BioAnalyt participera \u00e0 la Foire internationale virtuelle sur la fortification alimentaire \u00e0 grande \u00e9chelle en Afrique de l&#039;Ouest, qui aura lieu les 12 et 13 juin 2025.\" \/>\n<meta name=\"robots\" content=\"index, follow, max-snippet:-1, max-image-preview:large, max-video-preview:-1\" \/>\n<link rel=\"canonical\" href=\"https:\/\/www.bioanalyt.com\/fr\/event\/foire-internationale-virtuelle-sur-la-fortification-alimentaire-a-grande-echelle-en-afrique-de-louest\/\" \/>\n<meta property=\"og:locale\" content=\"fr_FR\" \/>\n<meta property=\"og:type\" content=\"article\" \/>\n<meta property=\"og:title\" content=\"Foire internationale virtuelle sur la fortification alimentaire \u00e0 grande \u00e9chelle en Afrique de l&#039;Ouest - Bioanalyt\" \/>\n<meta property=\"og:description\" content=\"BioAnalyt participera \u00e0 la Foire internationale virtuelle sur la fortification alimentaire \u00e0 grande \u00e9chelle en Afrique de l&#039;Ouest, qui aura lieu les 12 et 13 juin 2025.\" \/>\n<meta property=\"og:url\" content=\"https:\/\/www.bioanalyt.com\/fr\/event\/foire-internationale-virtuelle-sur-la-fortification-alimentaire-a-grande-echelle-en-afrique-de-louest\/\" \/>\n<meta property=\"og:site_name\" content=\"Bioanalyt\" \/>\n<meta property=\"og:image\" content=\"https:\/\/www.bioanalyt.com\/wp-content\/uploads\/2025\/01\/20230510_154249-scaled.jpg\" \/>\n\t<meta property=\"og:image:width\" content=\"2560\" \/>\n\t<meta property=\"og:image:height\" content=\"2560\" \/>\n\t<meta property=\"og:image:type\" content=\"image\/jpeg\" \/>\n<meta name=\"twitter:card\" content=\"summary_large_image\" \/>\n<script type=\"application\/ld+json\" class=\"yoast-schema-graph\">{\"@context\":\"https:\/\/schema.org\",\"@graph\":[{\"@type\":\"WebPage\",\"@id\":\"https:\/\/www.bioanalyt.com\/fr\/event\/foire-internationale-virtuelle-sur-la-fortification-alimentaire-a-grande-echelle-en-afrique-de-louest\/\",\"url\":\"https:\/\/www.bioanalyt.com\/fr\/event\/foire-internationale-virtuelle-sur-la-fortification-alimentaire-a-grande-echelle-en-afrique-de-louest\/\",\"name\":\"Foire internationale virtuelle sur la fortification alimentaire \u00e0 grande \u00e9chelle en Afrique de l'Ouest - Bioanalyt\",\"isPartOf\":{\"@id\":\"https:\/\/www.bioanalyt.com\/#website\"},\"primaryImageOfPage\":{\"@id\":\"https:\/\/www.bioanalyt.com\/fr\/event\/foire-internationale-virtuelle-sur-la-fortification-alimentaire-a-grande-echelle-en-afrique-de-louest\/#primaryimage\"},\"image\":{\"@id\":\"https:\/\/www.bioanalyt.com\/fr\/event\/foire-internationale-virtuelle-sur-la-fortification-alimentaire-a-grande-echelle-en-afrique-de-louest\/#primaryimage\"},\"thumbnailUrl\":\"https:\/\/www.bioanalyt.com\/wp-content\/uploads\/2025\/01\/20230510_154249-scaled.jpg\",\"datePublished\":\"2025-04-14T08:06:40+00:00\",\"description\":\"BioAnalyt participera \u00e0 la Foire internationale virtuelle sur la fortification alimentaire \u00e0 grande \u00e9chelle en Afrique de l'Ouest, qui aura lieu les 12 et 13 juin 2025.\",\"breadcrumb\":{\"@id\":\"https:\/\/www.bioanalyt.com\/fr\/event\/foire-internationale-virtuelle-sur-la-fortification-alimentaire-a-grande-echelle-en-afrique-de-louest\/#breadcrumb\"},\"inLanguage\":\"fr-FR\",\"potentialAction\":[{\"@type\":\"ReadAction\",\"target\":[\"https:\/\/www.bioanalyt.com\/fr\/event\/foire-internationale-virtuelle-sur-la-fortification-alimentaire-a-grande-echelle-en-afrique-de-louest\/\"]}]},{\"@type\":\"ImageObject\",\"inLanguage\":\"fr-FR\",\"@id\":\"https:\/\/www.bioanalyt.com\/fr\/event\/foire-internationale-virtuelle-sur-la-fortification-alimentaire-a-grande-echelle-en-afrique-de-louest\/#primaryimage\",\"url\":\"https:\/\/www.bioanalyt.com\/wp-content\/uploads\/2025\/01\/20230510_154249-scaled.jpg\",\"contentUrl\":\"https:\/\/www.bioanalyt.com\/wp-content\/uploads\/2025\/01\/20230510_154249-scaled.jpg\",\"width\":2560,\"height\":2560},{\"@type\":\"BreadcrumbList\",\"@id\":\"https:\/\/www.bioanalyt.com\/fr\/event\/foire-internationale-virtuelle-sur-la-fortification-alimentaire-a-grande-echelle-en-afrique-de-louest\/#breadcrumb\",\"itemListElement\":[{\"@type\":\"ListItem\",\"position\":1,\"name\":\"Home\",\"item\":\"https:\/\/www.bioanalyt.com\/fr\/\"},{\"@type\":\"ListItem\",\"position\":2,\"name\":\"Events\",\"item\":\"https:\/\/www.bioanalyt.com\/tervie-events\/\"},{\"@type\":\"ListItem\",\"position\":3,\"name\":\"Foire internationale virtuelle sur la fortification alimentaire \u00e0 grande \u00e9chelle en Afrique de l'Ouest\"}]},{\"@type\":\"WebSite\",\"@id\":\"https:\/\/www.bioanalyt.com\/#website\",\"url\":\"https:\/\/www.bioanalyt.com\/\",\"name\":\"Bioanalyt\",\"description\":\"Measure for life\",\"publisher\":{\"@id\":\"https:\/\/www.bioanalyt.com\/#organization\"},\"potentialAction\":[{\"@type\":\"SearchAction\",\"target\":{\"@type\":\"EntryPoint\",\"urlTemplate\":\"https:\/\/www.bioanalyt.com\/?s={search_term_string}\"},\"query-input\":{\"@type\":\"PropertyValueSpecification\",\"valueRequired\":true,\"valueName\":\"search_term_string\"}}],\"inLanguage\":\"fr-FR\"},{\"@type\":\"Organization\",\"@id\":\"https:\/\/www.bioanalyt.com\/#organization\",\"name\":\"Bioanalyt\",\"url\":\"https:\/\/www.bioanalyt.com\/\",\"logo\":{\"@type\":\"ImageObject\",\"inLanguage\":\"fr-FR\",\"@id\":\"https:\/\/www.bioanalyt.com\/#\/schema\/logo\/image\/\",\"url\":\"https:\/\/www.bioanalyt.com\/wp-content\/uploads\/2024\/09\/Logo-Horizontal.svg\",\"contentUrl\":\"https:\/\/www.bioanalyt.com\/wp-content\/uploads\/2024\/09\/Logo-Horizontal.svg\",\"width\":112,\"height\":64,\"caption\":\"Bioanalyt\"},\"image\":{\"@id\":\"https:\/\/www.bioanalyt.com\/#\/schema\/logo\/image\/\"},\"sameAs\":[\"https:\/\/www.linkedin.com\/company\/bioanalyt\/\",\"https:\/\/www.youtube.com\/user\/BioAnalyt\"]}]}<\/script>\n<!-- \/ Yoast SEO plugin. -->","yoast_head_json":{"title":"Foire internationale virtuelle sur la fortification alimentaire \u00e0 grande \u00e9chelle en Afrique de l'Ouest - Bioanalyt","description":"BioAnalyt participera \u00e0 la Foire internationale virtuelle sur la fortification alimentaire \u00e0 grande \u00e9chelle en Afrique de l'Ouest, qui aura lieu les 12 et 13 juin 2025.","robots":{"index":"index","follow":"follow","max-snippet":"max-snippet:-1","max-image-preview":"max-image-preview:large","max-video-preview":"max-video-preview:-1"},"canonical":"https:\/\/www.bioanalyt.com\/fr\/event\/foire-internationale-virtuelle-sur-la-fortification-alimentaire-a-grande-echelle-en-afrique-de-louest\/","og_locale":"fr_FR","og_type":"article","og_title":"Foire internationale virtuelle sur la fortification alimentaire \u00e0 grande \u00e9chelle en Afrique de l'Ouest - Bioanalyt","og_description":"BioAnalyt participera \u00e0 la Foire internationale virtuelle sur la fortification alimentaire \u00e0 grande \u00e9chelle en Afrique de l'Ouest, qui aura lieu les 12 et 13 juin 2025.","og_url":"https:\/\/www.bioanalyt.com\/fr\/event\/foire-internationale-virtuelle-sur-la-fortification-alimentaire-a-grande-echelle-en-afrique-de-louest\/","og_site_name":"Bioanalyt","og_image":[{"width":2560,"height":2560,"url":"https:\/\/www.bioanalyt.com\/wp-content\/uploads\/2025\/01\/20230510_154249-scaled.jpg","type":"image\/jpeg"}],"twitter_card":"summary_large_image","schema":{"@context":"https:\/\/schema.org","@graph":[{"@type":"WebPage","@id":"https:\/\/www.bioanalyt.com\/fr\/event\/foire-internationale-virtuelle-sur-la-fortification-alimentaire-a-grande-echelle-en-afrique-de-louest\/","url":"https:\/\/www.bioanalyt.com\/fr\/event\/foire-internationale-virtuelle-sur-la-fortification-alimentaire-a-grande-echelle-en-afrique-de-louest\/","name":"Foire internationale virtuelle sur la fortification alimentaire \u00e0 grande \u00e9chelle en Afrique de l'Ouest - Bioanalyt","isPartOf":{"@id":"https:\/\/www.bioanalyt.com\/#website"},"primaryImageOfPage":{"@id":"https:\/\/www.bioanalyt.com\/fr\/event\/foire-internationale-virtuelle-sur-la-fortification-alimentaire-a-grande-echelle-en-afrique-de-louest\/#primaryimage"},"image":{"@id":"https:\/\/www.bioanalyt.com\/fr\/event\/foire-internationale-virtuelle-sur-la-fortification-alimentaire-a-grande-echelle-en-afrique-de-louest\/#primaryimage"},"thumbnailUrl":"https:\/\/www.bioanalyt.com\/wp-content\/uploads\/2025\/01\/20230510_154249-scaled.jpg","datePublished":"2025-04-14T08:06:40+00:00","description":"BioAnalyt participera \u00e0 la Foire internationale virtuelle sur la fortification alimentaire \u00e0 grande \u00e9chelle en Afrique de l'Ouest, qui aura lieu les 12 et 13 juin 2025.","breadcrumb":{"@id":"https:\/\/www.bioanalyt.com\/fr\/event\/foire-internationale-virtuelle-sur-la-fortification-alimentaire-a-grande-echelle-en-afrique-de-louest\/#breadcrumb"},"inLanguage":"fr-FR","potentialAction":[{"@type":"ReadAction","target":["https:\/\/www.bioanalyt.com\/fr\/event\/foire-internationale-virtuelle-sur-la-fortification-alimentaire-a-grande-echelle-en-afrique-de-louest\/"]}]},{"@type":"ImageObject","inLanguage":"fr-FR","@id":"https:\/\/www.bioanalyt.com\/fr\/event\/foire-internationale-virtuelle-sur-la-fortification-alimentaire-a-grande-echelle-en-afrique-de-louest\/#primaryimage","url":"https:\/\/www.bioanalyt.com\/wp-content\/uploads\/2025\/01\/20230510_154249-scaled.jpg","contentUrl":"https:\/\/www.bioanalyt.com\/wp-content\/uploads\/2025\/01\/20230510_154249-scaled.jpg","width":2560,"height":2560},{"@type":"BreadcrumbList","@id":"https:\/\/www.bioanalyt.com\/fr\/event\/foire-internationale-virtuelle-sur-la-fortification-alimentaire-a-grande-echelle-en-afrique-de-louest\/#breadcrumb","itemListElement":[{"@type":"ListItem","position":1,"name":"Home","item":"https:\/\/www.bioanalyt.com\/fr\/"},{"@type":"ListItem","position":2,"name":"Events","item":"https:\/\/www.bioanalyt.com\/tervie-events\/"},{"@type":"ListItem","position":3,"name":"Foire internationale virtuelle sur la fortification alimentaire \u00e0 grande \u00e9chelle en Afrique de l'Ouest"}]},{"@type":"WebSite","@id":"https:\/\/www.bioanalyt.com\/#website","url":"https:\/\/www.bioanalyt.com\/","name":"Bioanalyt","description":"Measure for life","publisher":{"@id":"https:\/\/www.bioanalyt.com\/#organization"},"potentialAction":[{"@type":"SearchAction","target":{"@type":"EntryPoint","urlTemplate":"https:\/\/www.bioanalyt.com\/?s={search_term_string}"},"query-input":{"@type":"PropertyValueSpecification","valueRequired":true,"valueName":"search_term_string"}}],"inLanguage":"fr-FR"},{"@type":"Organization","@id":"https:\/\/www.bioanalyt.com\/#organization","name":"Bioanalyt","url":"https:\/\/www.bioanalyt.com\/","logo":{"@type":"ImageObject","inLanguage":"fr-FR","@id":"https:\/\/www.bioanalyt.com\/#\/schema\/logo\/image\/","url":"https:\/\/www.bioanalyt.com\/wp-content\/uploads\/2024\/09\/Logo-Horizontal.svg","contentUrl":"https:\/\/www.bioanalyt.com\/wp-content\/uploads\/2024\/09\/Logo-Horizontal.svg","width":112,"height":64,"caption":"Bioanalyt"},"image":{"@id":"https:\/\/www.bioanalyt.com\/#\/schema\/logo\/image\/"},"sameAs":["https:\/\/www.linkedin.com\/company\/bioanalyt\/","https:\/\/www.youtube.com\/user\/BioAnalyt"]}]}},"_links":{"self":[{"href":"https:\/\/www.bioanalyt.com\/fr\/wp-json\/wp\/v2\/tribe_events\/22569","targetHints":{"allow":["GET"]}}],"collection":[{"href":"https:\/\/www.bioanalyt.com\/fr\/wp-json\/wp\/v2\/tribe_events"}],"about":[{"href":"https:\/\/www.bioanalyt.com\/fr\/wp-json\/wp\/v2\/types\/tribe_events"}],"author":[{"embeddable":true,"href":"https:\/\/www.bioanalyt.com\/fr\/wp-json\/wp\/v2\/users\/3"}],"version-history":[{"count":0,"href":"https:\/\/www.bioanalyt.com\/fr\/wp-json\/wp\/v2\/tribe_events\/22569\/revisions"}],"wp:featuredmedia":[{"embeddable":true,"href":"https:\/\/www.bioanalyt.com\/fr\/wp-json\/wp\/v2\/media\/19618"}],"wp:attachment":[{"href":"https:\/\/www.bioanalyt.com\/fr\/wp-json\/wp\/v2\/media?parent=22569"}],"wp:term":[{"taxonomy":"post_tag","embeddable":true,"href":"https:\/\/www.bioanalyt.com\/fr\/wp-json\/wp\/v2\/tags?post=22569"},{"taxonomy":"tribe_events_cat","embeddable":true,"href":"https:\/\/www.bioanalyt.com\/fr\/wp-json\/wp\/v2\/tribe_events_cat?post=22569"}],"curies":[{"name":"wp","href":"https:\/\/api.w.org\/{rel}","templated":true}]}}